{"id":156,"date":"2017-01-28T23:25:40","date_gmt":"2017-01-28T22:25:40","guid":{"rendered":"http:\/\/si-projekty-vyvoj.fit.cvut.cz\/wp\/?post_type=tribe_events&#038;p=156"},"modified":"2017-03-10T11:00:29","modified_gmt":"2017-03-10T10:00:29","slug":"oslava-jarni-rovnodennosti","status":"publish","type":"tribe_events","link":"https:\/\/www.spolek-amonit.cz\/index.php\/event\/oslava-jarni-rovnodennosti\/","title":{"rendered":"Oslava jarn\u00ed rovnodennosti"},"content":{"rendered":"<p>Sauna, bubnov\u00e1n\u00ed, tanec&#8230; &nbsp;<a href=\"https:\/\/www.facebook.com\/events\/423386824670229\/\" target=\"_blank\">hl\u00e1sit se lze na FB<\/a>&nbsp;nebo&nbsp;<a href=\"mailto:spolek.amonit@gmail.com\">mailem<\/a><\/p>\n<ul>\n<li><strong>P\u00e1tek:<\/strong>\n<ul>\n<li>je dobr\u00e9 dorazit v p\u00e1tek kolem 18. hodiny, abysty se stihli rozkoukat,<\/li>\n<li>za\u010dneme kolem 20.00,<\/li>\n<li>ohe\u0148 se bude zapalovat cca ve 21 hodin,<\/li>\n<li>do sauny p\u016fjdeme kolem p\u016flnoci.<\/li>\n<\/ul>\n<\/li>\n<li><strong>Sobota:<\/strong>\n<ul>\n<li>techniky dle ro\u010dn\u00edho obdob\u00ed, le\u010d ur\u010dit\u011b t\u00e9\u017e:<\/li>\n<li>v\u00fdroba z\u00e1\u0159i\u010de,<\/li>\n<li>cesta bubnu,<\/li>\n<li>celono\u010dn\u00ed bubnov\u00e1n\u00ed a zp\u011bv do p\u016flnoci do sv\u00edt\u00e1n\u00ed.<\/li>\n<\/ul>\n<\/li>\n<li><strong>Ned\u011ble:<\/strong>\n<ul>\n<li>z\u00e1v\u011bre\u010dn\u00fd sharing<\/li>\n<li>odjezd kr\u00e1tce po poledni.<\/li>\n<\/ul>\n<\/li>\n<\/ul>\n<p><strong>Cena<\/strong><\/p>\n<p><strong>\u010clenov\u00e9 spolku 1 &nbsp;100K\u010d<\/strong>. &nbsp;Prvn\u00edm Velk\u00fd pindam teprve prob\u011bhne v ned\u011bli po akci, ale \u010dlensk\u00e9 ceny u\u017e budou platit i na tento v\u00edkend.<\/p>\n<p><strong>Ne\u010dlenov\u00e9 spolku 1 &nbsp;500K\u010d<\/strong>.<\/p>\n<p><strong>Speci\u00e1ln\u00ed situace:<\/strong> zkr\u00e1cen\u00e1 \u00fa\u010dast, &nbsp; rodiny s d\u011btmi, &nbsp;jeden s d\u011btmi apod. budeme \u0159e\u0161it na m\u00edst\u011b dohodou.<\/p>\n<p>Zv\u00fd\u0161en\u00e1 cena je, bohu\u017eel, vedlej\u0161\u00edm efektem toho, \u017ee jsme p\u0159e\u0161li z form\u00e1tu soukrom\u00e9 akce na akce po\u0159\u00e1dan\u00e9 pr\u00e1vn\u00edm subjektem.<\/p>\n<p>Uri\u010dtou satisfakc\u00ed m\u016f\u017ee b\u00fdt vystaven\u00ed pokladn\u00edho dokladu na\u0161im Velk\u00fdm klenotem&#8230;.&nbsp;<\/p>\n","protected":false},"excerpt":{"rendered":"<p>Sauna, bubnov\u00e1n\u00ed, tanec&#8230; &nbsp;hl\u00e1sit se lze na FB&nbsp;nebo&nbsp;mailem P\u00e1tek: je dobr\u00e9 dorazit v p\u00e1tek kolem 18. hodiny, abysty se stihli rozkoukat, za\u010dneme kolem 20.00, ohe\u0148 se bude zapalovat cca ve &hellip; <\/p>\n<p class=\"link-more\"><a href=\"https:\/\/www.spolek-amonit.cz\/index.php\/event\/oslava-jarni-rovnodennosti\/\" class=\"more-link\">Pokra\u010dovat ve \u010dten\u00ed<span class=\"screen-reader-text\"> &#8222;Oslava jarn\u00ed rovnodennosti&#8220;<\/span><\/a><\/p>\n","protected":false},"author":1,"featured_media":0,"comment_status":"open","ping_status":"closed","template":"","meta":{"ngg_post_thumbnail":0,"_tribe_events_status":"","_tribe_events_status_reason":"","footnotes":""},"tags":[],"tribe_events_cat":[],"class_list":["post-156","tribe_events","type-tribe_events","status-publish","hentry"],"_links":{"self":[{"href":"https:\/\/www.spolek-amonit.cz\/index.php\/wp-json\/wp\/v2\/tribe_events\/156","targetHints":{"allow":["GET"]}}],"collection":[{"href":"https:\/\/www.spolek-amonit.cz\/index.php\/wp-json\/wp\/v2\/tribe_events"}],"about":[{"href":"https:\/\/www.spolek-amonit.cz\/index.php\/wp-json\/wp\/v2\/types\/tribe_events"}],"author":[{"embeddable":true,"href":"https:\/\/www.spolek-amonit.cz\/index.php\/wp-json\/wp\/v2\/users\/1"}],"replies":[{"embeddable":true,"href":"https:\/\/www.spolek-amonit.cz\/index.php\/wp-json\/wp\/v2\/comments?post=156"}],"version-history":[{"count":8,"href":"https:\/\/www.spolek-amonit.cz\/index.php\/wp-json\/wp\/v2\/tribe_events\/156\/revisions"}],"predecessor-version":[{"id":414,"href":"https:\/\/www.spolek-amonit.cz\/index.php\/wp-json\/wp\/v2\/tribe_events\/156\/revisions\/414"}],"wp:attachment":[{"href":"https:\/\/www.spolek-amonit.cz\/index.php\/wp-json\/wp\/v2\/media?parent=156"}],"wp:term":[{"taxonomy":"post_tag","embeddable":true,"href":"https:\/\/www.spolek-amonit.cz\/index.php\/wp-json\/wp\/v2\/tags?post=156"},{"taxonomy":"tribe_events_cat","embeddable":true,"href":"https:\/\/www.spolek-amonit.cz\/index.php\/wp-json\/wp\/v2\/tribe_events_cat?post=156"}],"curies":[{"name":"wp","href":"https:\/\/api.w.org\/{rel}","templated":true}]}}